{"id":1928,"date":"2019-06-05T17:09:11","date_gmt":"2019-06-05T15:09:11","guid":{"rendered":"http:\/\/www.amisdebudange.fr\/wordpress\/?page_id=1928"},"modified":"2020-11-20T10:46:39","modified_gmt":"2020-11-20T09:46:39","slug":"panneau-3","status":"publish","type":"page","link":"http:\/\/www.amisdebudange.fr\/wordpress\/circuit-chapelle\/panneau-3\/","title":{"rendered":"Panneau 3 &#8211; La chapelle Sainte-Anne en mai 2019"},"content":{"rendered":"<p><img decoding=\"async\" style=\"float:right;margin:0.5em\" src=\"http:\/\/www.amisdebudange.fr\/wordpress\/wp-content\/uploads\/2020\/11\/panneau-3.jpg\"><\/p>\n<h2>La chapelle Sainte-Anne en mai 2019<\/h2>\n<div style=\"text-align:justify;margin:1em 0\">\nPetite <a href=\"#lexique-chapelle\">chapelle*<\/a> champ\u00eatre, la chapelle Sainte-Anne est orient\u00e9e Ouest (la nef) &#8211; Est (la tour-clocher au-dessus du choeur). Elle est b\u00e2tie en calcaire jaune cr\u00e9pi. La <a href=\"#lexique-nef\">nef*<\/a> est \u00e9tay\u00e9e de contreforts d&rsquo;<a href=\"#lexique-chainage\">angle \u00e0 cha\u00eenage*<\/a> et perc\u00e9e lat\u00e9ralement d&rsquo;une <a href=\"#lexique-gothique\">baie gothique*<\/a>. En 1838, la fa\u00e7ade d&rsquo;honneur et son entr\u00e9e ont \u00e9t\u00e9 remani\u00e9es par une fen\u00eatre carr\u00e9e sur le pignon, des pilastres cannel\u00e9s, deux petits oculus* (ou oculi) oval\u00e9s d&rsquo;a\u00e9ration&#8230; La toitures en l\u00e9ger d\u00e9bord de la <a href=\"#lexique-nef\">nef*<\/a> est \u00e0 deux pans.<\/div>\n<div style=\"text-align:justify;margin:1em 0\">\nDe plan carr\u00e9, la tour-clocher \u00e0 une seule cloche montre d&rsquo;\u00e9l\u00e9gants cha\u00eenages d&rsquo;<a href=\"#lexique-harpe\">angle harp\u00e9*<\/a>, une <a href=\"#\">fen\u00eatre gothique*<\/a> par face et des petites baies sous toit en plein cintre. Le toit en ardoise du clocher est \u00e0 quatre pans en l\u00e9ger d\u00e9bord. \u00c0 son sommet, la tr\u00e8s symbolique pointe m\u00e9tallique \u00e9levant globe, croix et coq.<\/div>\n<div style=\"text-align:justify;margin:1em 0\">\n<h3>Lexique architectural<\/h3>\n<ul>\n<li id=\"lexique-chainage\"><strong>CHA\u00ceNAGE D&rsquo;ANGLE :<\/strong> pierres appareill\u00e9es situ\u00e9es aux angles d&rsquo;un b\u00e2timent pour solidariser les parois tout en valorisant le d\u00e9cor.<\/li>\n<li id=\"lexique-harpe\"><strong>CHA\u00ceNAGE D&rsquo;ANGLE HARPE :<\/strong> m\u00eame principe que le cha\u00eenage d&rsquo;angle, mais avec une superposition des pierres dont le milieu est au m\u00eame aplomb, et dont les t\u00eates sont alternativement courtes et longues.<\/li>\n<li id=\"lexique-chapelle\"><strong>CHAPELLE :<\/strong> petite \u00e9glise consacr\u00e9e au culte catholique, ne correspondant pas \u00e0 une paroisse.<\/li>\n<li id=\"lexique-gothique\"><strong>FEN\u00caTRE GOTHIQUE :<\/strong> fen\u00eatre en arc bris\u00e9 sur le mod\u00e8le des baies gothiques (P\u00e9riode de l\u2019art gothique primitif&nbsp;: 1150-1250&nbsp;; rayonnant&nbsp;: 1200-1400&nbsp;; flamboyant&nbsp;: 1400-d\u00e9but XVIe si\u00e8cle).<\/li>\n<li id=\"lexique-nef\"><strong>NEF :<\/strong> partie d\u2019une \u00e9glise  comprise entre le portail et le ch\u0153ur. C&rsquo;est dans la nef que se tiennent les fid\u00e8les, le regard tourn\u00e9 vers l&rsquo;autel et vers l&rsquo;est.<\/li>\n<li id=\"lexique-oculus\"><strong>OCULUS :<\/strong><\/li>\n<\/ul>\n<\/div>\n","protected":false},"excerpt":{"rendered":"<p>La chapelle Sainte-Anne en mai 2019 Petite chapelle* champ\u00eatre, la chapelle Sainte-Anne est orient\u00e9e Ouest (la nef) &#8211; Est (la tour-clocher au-dessus du choeur). Elle est b\u00e2tie en calcaire jaune cr\u00e9pi. La nef* est&#46;&#46;&#46;<\/p>\n","protected":false},"author":1,"featured_media":0,"parent":1896,"menu_order":0,"comment_status":"closed","ping_status":"closed","template":"","meta":{"ngg_post_thumbnail":0,"footnotes":""},"class_list":["post-1928","page","type-page","status-publish","hentry"],"_links":{"self":[{"href":"http:\/\/www.amisdebudange.fr\/wordpress\/wp-json\/wp\/v2\/pages\/1928","targetHints":{"allow":["GET"]}}],"collection":[{"href":"http:\/\/www.amisdebudange.fr\/wordpress\/wp-json\/wp\/v2\/pages"}],"about":[{"href":"http:\/\/www.amisdebudange.fr\/wordpress\/wp-json\/wp\/v2\/types\/page"}],"author":[{"embeddable":true,"href":"http:\/\/www.amisdebudange.fr\/wordpress\/wp-json\/wp\/v2\/users\/1"}],"replies":[{"embeddable":true,"href":"http:\/\/www.amisdebudange.fr\/wordpress\/wp-json\/wp\/v2\/comments?post=1928"}],"version-history":[{"count":6,"href":"http:\/\/www.amisdebudange.fr\/wordpress\/wp-json\/wp\/v2\/pages\/1928\/revisions"}],"predecessor-version":[{"id":2124,"href":"http:\/\/www.amisdebudange.fr\/wordpress\/wp-json\/wp\/v2\/pages\/1928\/revisions\/2124"}],"up":[{"embeddable":true,"href":"http:\/\/www.amisdebudange.fr\/wordpress\/wp-json\/wp\/v2\/pages\/1896"}],"wp:attachment":[{"href":"http:\/\/www.amisdebudange.fr\/wordpress\/wp-json\/wp\/v2\/media?parent=1928"}],"curies":[{"name":"wp","href":"https:\/\/api.w.org\/{rel}","templated":true}]}}